{"version":"1.0","provider_name":"cukormentes","provider_url":"https:\/\/cukormentes.cafeblog.hu","author_name":"sugar free","author_url":"https:\/\/cukormentes.cafeblog.hu\/author\/vaspalmeliyahoo-com\/","title":"Ne edd meg, IDEGM\u00c9REG!","html":"\u00d6r\u00f6mmel nyugt\u00e1ztam, hogy a Glamour is sz\u00e1nt n\u00e9h\u00e1ny has\u00e1bot az eg\u00e9szs\u00e9gtudatoss\u00e1gnak, \u00e9s ez\u00fattal v\u00e9gre nem valami \"hipereg\u00e9szs\u00e9ges\" vill\u00e1mdi\u00e9t\u00e1t promot\u00e1ltak, hanem a h\u00e1ztart\u00e1si vegyszerek vesz\u00e9lyeir\u0151l figyelmeztettek. Puszt\u00e1n csak az\u00e9rt t\u00e9rek ki erre a cikkre, mert a v\u00e9g\u00e9n sajnos egy igen k\u00e1ros anyagr\u00f3l terelik el a figyelmet, \u00e9s ez az ASZPARTAM.\r\n<p style=\"text-align: center\"><a href=\"https:\/\/cukormentes.cafeblog.hu\/files\/2012\/04\/aszpartam2.jpg\"><img class=\"aligncenter size-full wp-image-254\" src=\"https:\/\/cukormentes.cafeblog.hu\/files\/2012\/04\/aszpartam2.jpg\" alt=\"\" width=\"598\" height=\"465\" \/><\/a><\/p>\r\nBizony\u00e1ra tiszt\u00e1ban vagytok vele, hogy a cukormentes r\u00e1g\u00f3k \u00e9s cukork\u00e1k 98%-a ezzel van \u00e9des\u00edtve, \u00fagy, mint az Orbit, hasonl\u00f3an a cukormentes csokikban is s\u0171r\u0171n fellelhet\u0151, a gy\u00f3gyszerekben \u00e9s a di\u00e9t\u00e1s \u00fcd\u00edt\u0151kben, \u00fagy, mint a Coca Cola light vagy a Pepsi light. Sz\u00f3val ha \u00e9pp nem cukorral, akkor a light vagy \u00e9ppen diabetikus \u00a0fronton m\u00e9rgezheted magad aszpartammal.\r\n\r\nA mesters\u00e9ges \u00e9des\u00edt\u0151szerek frontj\u00e1n a szacharin \u00e9s a ciklam\u00e1t volt a legelterjedtebb, \u00e9s b\u00e1r er\u0151sen tartottak lehets\u00e9ges k\u00e1ros hat\u00e1sait\u00f3l, v\u00e9g\u00fcl bebizonyosodott, hogy mindk\u00e9t \u00e9des\u00edt\u0151 \u00e1rtalmatlan \u00e9s biztons\u00e1gos anyag. A leg\u00e9rdekesebb, amit tudni \u00e9rdemes a mesters\u00e9ges \u00e9des\u00edt\u0151kr\u0151l az, hogy a tud\u00f3sok \u00e9s kutat\u00f3k sosem \u00e9bredtek \u00fagy, hogy \"nna, ma felfedezek valami \u00e9des\u00edt\u0151t, mert elegem van a cukorb\u00f3l\", s\u0151t minden esetben valami teljesen m\u00e1s c\u00e9lra alkalmas anyagot k\u00eds\u00e9rleteztek, \u00e9s \u00e9des\u00edt\u0151 lett bel\u0151le.\r\n\r\n\u00cdgy volt ez az aszpartammal is, amikor gyomorfek\u00e9ly elleni szert k\u00eds\u00e9rletezgettek, majd \u00e9des\u00edt\u0151szert hoztak l\u00e9tre. Csak ez sajnos sokkal, de sokkal rosszabbra sikeredett a ciklam\u00e1tn\u00e1l vagy a szacharinn\u00e1l. Rengeteg balh\u00e9 \u00f6vezi az aszpartam enged\u00e9lyeztet\u00e9s\u00e9t, amit az FDA (Food and Drog Administration) el is utas\u00edtott anno. Az enged\u00e9lyez\u00e9si k\u00e9relmet al\u00e1t\u00e1masztand\u00f3 vizsg\u00e1latok manipul\u00e1ci\u00f3nak min\u0151s\u00fcltek, \u00e9s kider\u00fclt, hogy az anyag agydaganatot okoz, \u00edgy el lett utas\u00edtva. A gy\u00e1rt\u00f3k azonban nem adt\u00e1k fel, \u00e9s a b\u00fcrokr\u00e1cia kiskapuit, megveszteget\u00e9seit \u00e9s manipul\u00e1ci\u00f3it alkalmazva \u00fajra \u00e9s \u00fajra megpr\u00f3b\u00e1lkoztak az enged\u00e9lyeztet\u00e9ssel, term\u00e9szetesen \u00fagy, hogy a rettent\u0151 k\u00e1rosnak min\u0151s\u00edtett \u00f6sszet\u00e9telen egy fikarcnyit sem v\u00e1ltoztattak.\r\n\r\nHogy, hogyan nem, v\u00e9g\u00fcl minden furcsas\u00e1g ellen\u00e9re enged\u00e9lyezt\u00e9k az aszpart\u00e1mot, \u00e9s az azzal \u00e9des\u00edtett \u00fcd\u00edt\u0151italok el\u00e1rasztott\u00e1k a piacot, amivel egyenes ar\u00e1nyban n\u0151tt a neurol\u00f3giai panaszok sz\u00e1ma. T\u00f6bb hal\u00e1lesetet is tulajdon\u00edtanak a szernek, \u00e9s b\u00e1r a gy\u00e1rt\u00f3c\u00e9get t\u00f6bbsz\u00f6r is beperelt\u00e9k, nagy eredm\u00e9nyek m\u00e9g sem sz\u00fclettek, hisz az aszpartam ma is a piacon van, \u00e9s ma is \u00e9des\u00edt. Bizony\u00e1ra megvannak az \u00e9rdekelts\u00e9gek, \u00e9s valakinek vagy valakiknek sz\u00f3 szerint b\u00e1rmit meg\u00e9r a piacon marad\u00e1s.\r\n\r\n<a href=\"https:\/\/cukormentes.cafeblog.hu\/files\/2012\/04\/ban_aspartam_5.jpg\"><img class=\"aligncenter size-full wp-image-251\" src=\"https:\/\/cukormentes.cafeblog.hu\/files\/2012\/04\/ban_aspartam_5.jpg\" alt=\"\" width=\"640\" height=\"300\" \/><\/a>\r\n\r\nDe vajon mit\u0151l ennyire \u00e9rdekes ez a szer? Az aszpartam p\u00e1rtiak azt mondj\u00e1k, hogy nincs vele semmi gond, hiszen \u00f6sszetev\u0151it k\u00fcl\u00f6n-k\u00fcl\u00f6n sz\u00e1mos \u00e9lelmiszerben megtal\u00e1ljuk term\u00e9szetes form\u00e1jukban, \u00fagy, mint a tejterm\u00e9kek vagy gabon\u00e1k, \u00e9s szervezet\u00fcnk ugyan\u00fagy reag\u00e1l a mesters\u00e9ges anyagra, mint a term\u00e9szetesre. (Anno a Prozac eset\u00e9ben is elutas\u00edtott\u00e1k, hogy \u00f6ngyilkoss\u00e1gi hajlamot v\u00e1lt ki mell\u00e9khat\u00e1sk\u00e9nt, majd a tov\u00e1bbfejlesztett Prozac R el\u0151nyek\u00e9nt h\u00edrdett\u00e9k, hogy nem v\u00e1lt ki \u00f6ngyilkoss\u00e1gi hajlamot...)\r\n\r\nAz aszpartam ellenz\u0151i ennek a t\u00f6k\u00e9letes ellent\u00e9te mellett foglalnak \u00e1ll\u00e1st, szerint\u00fck ugyanis ezek az anyagok m\u00e9rgez\u0151 formaldehidd\u00e9 bomlanak le a szervezetben, \u00e9s egyszer\u0171en nincs olyan, hogy biztons\u00e1gos mennyis\u00e9g\u0171 adagol\u00e1s. Az aszpartamot idegm\u00e9regk\u00e9nt emlegetik, r\u00e1kkelt\u0151 hat\u00e1sait pedig id\u0151tlen id\u0151kig lehetne sorolni.\r\n\r\nN\u00e9zz\u00fck, hogy is van ez: az aszpartam 50% aszparginsavat, 40% fenilalanint \u00e9s 10% metilalkoholt tartalmaz. Itt m\u00e1r a metilalkohol \u00f6nmag\u00e1ban is kicsapja a biztos\u00edt\u00e9kot, hisz arr\u00f3l mindenki tudja, hogy er\u0151sen m\u00e9rgez\u0151, mivel a szervezetben formaldehidd\u00e9 alakul, ami sejtm\u00e9reg. A faszeszb\u0151l (\u00edgy is ismerj\u00fck a metanolt) 7,8 mg a megengedett napi bevitel, ehhez k\u00e9pest 1liter aszpartamos \u00fcd\u00edt\u0151ben 56mg van bel\u0151le!!! Ez m\u00e1ris t\u00faladagol\u00e1s, ami mell\u00e9 t\u00e1rsulhat m\u00e9g aszpartamos csoki, gy\u00f3gyszer, esetleg 1l-n\u00e9l is t\u00f6bb ilyen \u00fcd\u00edt\u0151...sz\u00f3val pusztulnak a DNS-ek rendesen, fell\u00e9phet fejf\u00e1j\u00e1s, koordin\u00e1ci\u00f3s zavar, sz\u00e9d\u00fcl\u00e9s...majd egyszercsak fel\u00fcti a fej\u00e9t a r\u00e1k...de ezek ut\u00e1n k\u00e1r csod\u00e1lkozni, \u00e9s k\u00e1r feltenni a k\u00e9rd\u00e9st, hogy mi\u00e9rt pont \u00e9n...\r\n<p style=\"text-align: center\"><a href=\"https:\/\/cukormentes.cafeblog.hu\/files\/2012\/04\/efek-aspartam.jpg\"><img class=\"aligncenter size-full wp-image-252\" src=\"https:\/\/cukormentes.cafeblog.hu\/files\/2012\/04\/efek-aspartam.jpg\" alt=\"\" width=\"457\" height=\"340\" \/><\/a><\/p>\r\nN\u00e9zz\u00fck az aszparginsavat. Ha volt\u00e1l m\u00e1r egyetemista vagy az vagy, akkor ha nem is pr\u00f3b\u00e1ltad, de hall\u00e1sb\u00f3l biztosan ismered a Reergint (ma m\u00e1r nem divat a t\u00f6bb liternyi k\u00e1v\u00e9, itt m\u00e1r komoly szerek kellenek :-)). A Reergin \u00e9l\u00e9nk\u00edt\u0151, n\u00f6veli a koncentr\u00e1ci\u00f3s k\u00e9pess\u00e9get \u00e9s cs\u00f6kkenti a f\u00e1radts\u00e1g\u00e9rzetet, \u00e9s 133,3mg aszparginsavat tartalmaz tablett\u00e1nk\u00e9nt. Napi maximum 5 tabletta bev\u00e9tele enged\u00e9lyezett, ami 666,5mg aszpargin\/nap\/f\u0151. Aszpartamb\u00f3l 40mg\/tests\u00falykilogramm enged\u00e9lyezett naponta, ami egy 60kg-os embern\u00e9l 2400mg, aminek a fele, azaz 1200mg az aszparginsav. Ha j\u00f3l sz\u00e1molom ez szinte a dupl\u00e1ja az 1 napra maximaliz\u00e1lt Reerginnek, sz\u00f3val b\u0151ven t\u00faladagol\u00e1s. El\u00e9g \u00e9rdekes nem?\r\n\r\n1995-ben az FDA a k\u00f6vetkez\u0151 mell\u00e9khat\u00e1sokat sorolta fel az aszpartam fogyaszt\u00e1s eredm\u00e9nyek\u00e9nt: depresszi\u00f3, migr\u00e9n, egyens\u00falyzavar, l\u00e1t\u00e1szavar, epilepszia, kr\u00f3nikus f\u00e1radts\u00e1g, h\u00e1ny\u00e1s. Ezeket egy aszpartam fogyaszt\u00f3 legink\u00e1bb \u00fagy fogalmazza meg, hogy \"olyan szarul \u00e9rzem magam mostan\u00e1ban\", majd a pszichi\u00e1tern\u00e9l k\u00f6t ki, vagy elkezdi nyugtat\u00f3zni mag\u00e1t, majd r\u00e1kos lesz.\r\n\r\nEzt a t\u00e9m\u00e1t szinte abba sem lehet hagyni, annyira sok a szakirodalom r\u00f3la, de befejez\u00e9sk\u00e9ppen m\u00e1r csak annyit, hogy att\u00f3l, hogy egy szert enged\u00e9lyeztek, \u00e9s biztons\u00e1gosnak titul\u00e1ltak, m\u00e9g nem jelent semmit. Ez nem a mi v\u00e9delm\u00fcnket szolg\u00e1lja sajnos, csup\u00e1n a marketing r\u00e9sze.\r\n\r\nRem\u00e9lem vagytok:-))\r\n\r\nP.S. Ne feledd a <a title=\"http:\/\/www.facebook.com\/pages\/Cukormentes\/413599448665944\" href=\"http:\/\/www.facebook.com\/pages\/Cukormentes\/413599448665944\" target=\"_blank\">Facebookot<\/a>!\u00a0\u00a0K\u00f6zz\u00e9tettem egy igen hasznos dokumentumfilmet, \u00e9s mindenkinek aj\u00e1nlom nagy szeretettel! Tanuls\u00e1gos, \u00e9s \u00fagy l\u00e1tszik nem hi\u00e1ba mondok, m\u00e9giscsak sz\u00e1m\u00edt, hogy mit eszel, de f\u0151leg, hogy mit nem! Like!!!","type":"rich"}